{"id":2,"date":"2016-06-08T17:36:16","date_gmt":"2016-06-08T17:36:16","guid":{"rendered":"https:\/\/gandesa.cat\/biblioteca\/?page_id=2"},"modified":"2026-04-23T13:34:51","modified_gmt":"2026-04-23T13:34:51","slug":"biblioteca-municipal","status":"publish","type":"page","link":"https:\/\/gandesa.cat\/biblioteca\/","title":{"rendered":"Portada Biblioteca Municipal Gandesa"},"content":{"rendered":"<p><div class=\"fusion-fullwidth fullwidth-box fusion-builder-row-1 nonhundred-percent-fullwidth non-hundred-percent-height-scrolling\" style=\"--awb-background-position:left top;--awb-border-sizes-top:0px;--awb-border-sizes-bottom:0px;--awb-border-sizes-left:0px;--awb-border-sizes-right:0px;--awb-border-radius-top-left:0px;--awb-border-radius-top-right:0px;--awb-border-radius-bottom-right:0px;--awb-border-radius-bottom-left:0px;--awb-padding-top:20px;--awb-padding-bottom:20px;--awb-flex-wrap:wrap;\" ><div class=\"fusion-builder-row fusion-row\"><div class=\"fusion-layout-column fusion_builder_column fusion-builder-column-0 fusion_builder_column_1_1 1_1 fusion-one-full fusion-column-first fusion-column-last fusion-column-no-min-height\" style=\"--awb-bg-size:cover;--awb-margin-bottom:0px;\"><div class=\"fusion-column-wrapper fusion-flex-column-wrapper-legacy\"><div class=\"fusion-text fusion-text-1\" style=\"--awb-text-transform:none;\"><h2><strong>Novetats Terra Alta 2025-2026<\/strong><\/h2>\n<p><a href=\"https:\/\/gandesa.cat\/biblioteca\/biblioteca-municipal\/butlleti-novetats-ta-sant-jordi\/\" rel=\"attachment wp-att-503\"><img decoding=\"async\" class=\"alignleft size-medium wp-image-503\" src=\"https:\/\/gandesa.cat\/biblioteca\/wp-content\/uploads\/sites\/2\/2026\/04\/Butlleti-Novetats-TA-Sant-Jordi-300x300.png\" alt=\"\" width=\"300\" height=\"300\" srcset=\"https:\/\/gandesa.cat\/biblioteca\/wp-content\/uploads\/sites\/2\/2026\/04\/Butlleti-Novetats-TA-Sant-Jordi-66x66.png 66w, https:\/\/gandesa.cat\/biblioteca\/wp-content\/uploads\/sites\/2\/2026\/04\/Butlleti-Novetats-TA-Sant-Jordi-150x150.png 150w, https:\/\/gandesa.cat\/biblioteca\/wp-content\/uploads\/sites\/2\/2026\/04\/Butlleti-Novetats-TA-Sant-Jordi-200x200.png 200w, https:\/\/gandesa.cat\/biblioteca\/wp-content\/uploads\/sites\/2\/2026\/04\/Butlleti-Novetats-TA-Sant-Jordi-300x300.png 300w, https:\/\/gandesa.cat\/biblioteca\/wp-content\/uploads\/sites\/2\/2026\/04\/Butlleti-Novetats-TA-Sant-Jordi-320x320.png 320w, https:\/\/gandesa.cat\/biblioteca\/wp-content\/uploads\/sites\/2\/2026\/04\/Butlleti-Novetats-TA-Sant-Jordi-400x400.png 400w, https:\/\/gandesa.cat\/biblioteca\/wp-content\/uploads\/sites\/2\/2026\/04\/Butlleti-Novetats-TA-Sant-Jordi-600x600.png 600w, https:\/\/gandesa.cat\/biblioteca\/wp-content\/uploads\/sites\/2\/2026\/04\/Butlleti-Novetats-TA-Sant-Jordi-669x669.png 669w, https:\/\/gandesa.cat\/biblioteca\/wp-content\/uploads\/sites\/2\/2026\/04\/Butlleti-Novetats-TA-Sant-Jordi-700x700.png 700w, https:\/\/gandesa.cat\/biblioteca\/wp-content\/uploads\/sites\/2\/2026\/04\/Butlleti-Novetats-TA-Sant-Jordi-768x768.png 768w, https:\/\/gandesa.cat\/biblioteca\/wp-content\/uploads\/sites\/2\/2026\/04\/Butlleti-Novetats-TA-Sant-Jordi-800x800.png 800w, https:\/\/gandesa.cat\/biblioteca\/wp-content\/uploads\/sites\/2\/2026\/04\/Butlleti-Novetats-TA-Sant-Jordi-1024x1024.png 1024w, https:\/\/gandesa.cat\/biblioteca\/wp-content\/uploads\/sites\/2\/2026\/04\/Butlleti-Novetats-TA-Sant-Jordi.png 1080w\" sizes=\"(max-width: 300px) 100vw, 300px\" \/><\/a><\/p>\n<p>&nbsp;<\/p>\n<p><span style=\"color: #333333;\">Us deixem amb les publicacions d&#8217;autors de la Terra Alta i de tem\u00e0tica comarcal que hi ha hagut els darrers 12 mesos (abril 2025 &#8211; abril 2026). Podeu consultar el butllet\u00ed al seg\u00fcent <a style=\"color: #333333;\" href=\"https:\/\/gandesa.cat\/biblioteca\/wp-content\/uploads\/sites\/2\/2026\/04\/2026-Novetats-Terra-Alta-2025-2026-Sant-Jordi-2026.pdf\" rel=\"attachment wp-att-441\">2026.<\/a><\/span><\/p>\n<p><span style=\"color: #333333;\">Tamb\u00e9 podeu consultar les lectures de km0 que han preparat des de la Central de Biblioteques de les Terres de l&#8217;Ebre per a aquest Sant Jordi&#8217; 26. El recull inclou totes les novetats editades de gener a abril d&#8217;aquest mateix any. Podeu consultar-lo <a style=\"color: #333333;\" href=\"https:\/\/gandesa.cat\/biblioteca\/wp-content\/uploads\/sites\/2\/2026\/04\/SantJordi2026_reduit.pdf\" rel=\"attachment wp-att-442\">aqu\u00ed<\/a>.<\/span><\/p>\n<\/div><div class=\"fusion-sep-clear\"><\/div><div class=\"fusion-separator fusion-full-width-sep\" style=\"margin-left: auto;margin-right: auto;width:100%;\"><div class=\"fusion-separator-border sep-double\" style=\"--awb-height:20px;--awb-amount:20px;border-color:#e0dede;border-top-width:1px;border-bottom-width:1px;\"><\/div><\/div><div class=\"fusion-sep-clear\"><\/div><div class=\"fusion-clearfix\"><\/div><\/div><\/div><\/div><\/div><div class=\"fusion-fullwidth fullwidth-box fusion-builder-row-2 nonhundred-percent-fullwidth non-hundred-percent-height-scrolling\" style=\"--awb-background-position:left top;--awb-border-sizes-top:0px;--awb-border-sizes-bottom:0px;--awb-border-sizes-left:0px;--awb-border-sizes-right:0px;--awb-border-radius-top-left:0px;--awb-border-radius-top-right:0px;--awb-border-radius-bottom-right:0px;--awb-border-radius-bottom-left:0px;--awb-padding-top:20px;--awb-padding-bottom:20px;--awb-flex-wrap:wrap;\" ><div class=\"fusion-builder-row fusion-row\"><div class=\"fusion-layout-column fusion_builder_column fusion-builder-column-1 fusion_builder_column_1_1 1_1 fusion-one-full fusion-column-first fusion-column-last fusion-column-no-min-height\" style=\"--awb-bg-size:cover;--awb-margin-bottom:0px;\"><div class=\"fusion-column-wrapper fusion-flex-column-wrapper-legacy\"><div class=\"fusion-text fusion-text-2\" style=\"--awb-text-transform:none;\"><h2><strong>IX\u00e8 Concurs de Poesia i Narrativa Breu &#8220;Lletres al vent&#8221; 2025<\/strong><\/h2>\n<p><strong>Consulteu l&#8217;acta i les obres premiades al seg\u00fcent <a href=\"https:\/\/gandesa.cat\/biblioteca\/wp-content\/uploads\/sites\/2\/2026\/03\/2025-Acta-web-Lletres-al-vent.pdf\">enlla\u00e7<\/a>.<\/strong><\/p>\n<p><a href=\"https:\/\/gandesa.cat\/biblioteca\/biblioteca-municipal\/premiats-lletres-al-vent-2026\/\" rel=\"attachment wp-att-472\"><img decoding=\"async\" class=\"alignleft wp-image-472\" src=\"https:\/\/gandesa.cat\/biblioteca\/wp-content\/uploads\/sites\/2\/2026\/03\/Premiats-Lletres-al-Vent-2026-1024x768.jpeg\" alt=\"\" width=\"725\" height=\"544\" srcset=\"https:\/\/gandesa.cat\/biblioteca\/wp-content\/uploads\/sites\/2\/2026\/03\/Premiats-Lletres-al-Vent-2026-66x50.jpeg 66w, https:\/\/gandesa.cat\/biblioteca\/wp-content\/uploads\/sites\/2\/2026\/03\/Premiats-Lletres-al-Vent-2026-200x150.jpeg 200w, https:\/\/gandesa.cat\/biblioteca\/wp-content\/uploads\/sites\/2\/2026\/03\/Premiats-Lletres-al-Vent-2026-300x225.jpeg 300w, https:\/\/gandesa.cat\/biblioteca\/wp-content\/uploads\/sites\/2\/2026\/03\/Premiats-Lletres-al-Vent-2026-320x240.jpeg 320w, https:\/\/gandesa.cat\/biblioteca\/wp-content\/uploads\/sites\/2\/2026\/03\/Premiats-Lletres-al-Vent-2026-400x300.jpeg 400w, https:\/\/gandesa.cat\/biblioteca\/wp-content\/uploads\/sites\/2\/2026\/03\/Premiats-Lletres-al-Vent-2026-600x450.jpeg 600w, https:\/\/gandesa.cat\/biblioteca\/wp-content\/uploads\/sites\/2\/2026\/03\/Premiats-Lletres-al-Vent-2026-669x502.jpeg 669w, https:\/\/gandesa.cat\/biblioteca\/wp-content\/uploads\/sites\/2\/2026\/03\/Premiats-Lletres-al-Vent-2026-700x525.jpeg 700w, https:\/\/gandesa.cat\/biblioteca\/wp-content\/uploads\/sites\/2\/2026\/03\/Premiats-Lletres-al-Vent-2026-768x576.jpeg 768w, https:\/\/gandesa.cat\/biblioteca\/wp-content\/uploads\/sites\/2\/2026\/03\/Premiats-Lletres-al-Vent-2026-800x600.jpeg 800w, https:\/\/gandesa.cat\/biblioteca\/wp-content\/uploads\/sites\/2\/2026\/03\/Premiats-Lletres-al-Vent-2026-1024x768.jpeg 1024w, https:\/\/gandesa.cat\/biblioteca\/wp-content\/uploads\/sites\/2\/2026\/03\/Premiats-Lletres-al-Vent-2026-1200x900.jpeg 1200w, https:\/\/gandesa.cat\/biblioteca\/wp-content\/uploads\/sites\/2\/2026\/03\/Premiats-Lletres-al-Vent-2026-1536x1152.jpeg 1536w\" sizes=\"(max-width: 725px) 100vw, 725px\" \/><\/a><\/p>\n<\/div><div class=\"fusion-clearfix\"><\/div><\/div><\/div><\/div><\/div><div class=\"fusion-fullwidth fullwidth-box fusion-builder-row-3 nonhundred-percent-fullwidth non-hundred-percent-height-scrolling\" style=\"--awb-background-position:left top;--awb-border-sizes-top:0px;--awb-border-sizes-bottom:0px;--awb-border-sizes-left:0px;--awb-border-sizes-right:0px;--awb-border-radius-top-left:0px;--awb-border-radius-top-right:0px;--awb-border-radius-bottom-right:0px;--awb-border-radius-bottom-left:0px;--awb-padding-top:20px;--awb-padding-bottom:20px;--awb-flex-wrap:wrap;\" ><div class=\"fusion-builder-row fusion-row\"><div class=\"fusion-layout-column fusion_builder_column fusion-builder-column-2 fusion_builder_column_1_1 1_1 fusion-one-full fusion-column-first fusion-column-last fusion-column-no-min-height\" style=\"--awb-bg-size:cover;--awb-margin-bottom:0px;\"><div class=\"fusion-column-wrapper fusion-flex-column-wrapper-legacy\"><div class=\"fusion-text fusion-text-3\" style=\"--awb-text-transform:none;\"><h2><strong>Biblioteca de Gandesa<\/strong><\/h2>\n<p>La Biblioteca de Gandesa \u00e9s el principal espai cultural i centre p\u00fablic social de refer\u00e8ncia a la comarca. Est\u00e0 integrada al <span style=\"color: #85b916;\"><strong><a style=\"color: #85b916;\" href=\"http:\/\/biblioteques.gencat.cat\/ca\/\" target=\"_blank\" rel=\"noopener noreferrer\">Sistema de Lectura P\u00fablica de Catalunya<\/a><\/strong><\/span>&nbsp;i podeu fer \u00fas dels seus serveis si disposeu d\u2019un carnet d\u2019alguna de les biblioteques integrades al Sistema.<\/p>\n<p>Dins l\u2019ampli fons documental que disposa (llibres, revistes, pel\u00b7l\u00edcules, m\u00fasica, mapes..), hi trobareu una extensa col\u00b7lecci\u00f3 de llibres especialitzats en la <strong>Batalla de l\u2019Ebre<\/strong> i la <strong>Guerra Civil Espanyola<\/strong>, fet que ens ha posicionat com a la segona biblioteca de refer\u00e8ncia a Catalunya en aquesta tem\u00e0tica, i un ampli fons especialitzat amb el m\u00f3n del <strong>vi<\/strong>, essent la Terra Alta una de les onze Denominacions Origen de Catalunya. El vi en aquesta comarca \u00e9s el primer motor econ\u00f2mic i un nexe d\u2019uni\u00f3 i dinamitzador del territori.<\/p>\n<p>Des de la Biblioteca treballem a diari des de la innovaci\u00f3 i amb productes actualitzats, per oferir uns serveis de qualitat als nostres usuaris i unes activitats on tothom hi tingui cabuda, amb la finalitat de transformar la biblioteca en un centre d\u2019aprenentatge, preservar i difondre el patrimoni cultural local i comarcal, i fomentar la diversitat cultural que caracteritza al nostre municipi.<\/p>\n<p>Volem que la Biblioteca de Gandesa, sigui la vostra segona casa. Volem que us sentiu c\u00f2modes, ben atesos, i trob\u00e9ssiu tot all\u00f2 que busqueu! us invitem a venir i descobrir tot el coneixement que la Xarxa de Biblioteques P\u00fabliques de Catalunya us posa al vostre abast!<\/p>\n<\/div><div class=\"fusion-clearfix\"><\/div><\/div><\/div><\/div><\/div><div class=\"fusion-fullwidth fullwidth-box fusion-builder-row-4 nonhundred-percent-fullwidth non-hundred-percent-height-scrolling\" style=\"--awb-background-position:left top;--awb-border-sizes-top:0px;--awb-border-sizes-bottom:0px;--awb-border-sizes-left:0px;--awb-border-sizes-right:0px;--awb-border-radius-top-left:0px;--awb-border-radius-top-right:0px;--awb-border-radius-bottom-right:0px;--awb-border-radius-bottom-left:0px;--awb-padding-top:20px;--awb-padding-bottom:20px;--awb-flex-wrap:wrap;\" ><div class=\"fusion-builder-row fusion-row\"><div class=\"fusion-layout-column fusion_builder_column fusion-builder-column-3 fusion_builder_column_1_1 1_1 fusion-one-full fusion-column-first fusion-column-last\" style=\"--awb-bg-size:cover;\"><div class=\"fusion-column-wrapper fusion-flex-column-wrapper-legacy\"><div class=\"fusion-widget fusion-widget-element fusion-widget-area fusion-content-widget-area wpWidget-1 wp_widget_rss\" style=\"--awb-fusion-border-size:0px;--awb-fusion-border-style:solid;\"><div class=\"widget widget_rss\"><div class=\"heading\"><h4 class=\"widget-title\"><a class=\"rsswidget rss-widget-feed\" href=\"https:\/\/us8.campaign-archive.com\/feed?u=eb5bf30188ebe6be547fa5646&#038;id=dff6efec5c\"><img decoding=\"async\" class=\"rss-widget-icon\" style=\"border:0\" width=\"14\" height=\"14\" src=\"https:\/\/gandesa.cat\/biblioteca\/wp-includes\/images\/rss.png\" alt=\"RSS\" \/><\/a> <a class=\"rsswidget rss-widget-title\" href=\"https:\/\/us8.campaign-archive.com\/feed?u=eb5bf30188ebe6be547fa5646&#038;id=dff6efec5c\">Consulta els nostres butlletins<\/a><\/h4><\/div><ul><li><a class='rsswidget' href='https:\/\/mailchi.mp\/a7d28453e853\/g2j4yijqsq-17374431'>ABRIL: CL de Narrativa, tallers de primavera (jocs \ud83c\udfb2 i punts de llibre \ud83c\udf39), CineXic, Hora del Conte i les novetats! \ud83d\udcda<\/a><\/li><li><a class='rsswidget' href='https:\/\/mailchi.mp\/ae29a5ed1c96\/g2j4yijqsq-17371030'>MAR\u00c7: AVUI taller de papirofl\u00e8xia, 5 x Club de Lectura, CineXic, Hora del Conte i les novetats! i en breu informaci\u00f3 DMP!<\/a><\/li><li><a class='rsswidget' href='https:\/\/mailchi.mp\/f85e2f2287ef\/g2j4yijqsq-17371014'>Dilluns 2 de mar\u00e7, taller de papirofl\u00e8xia a la Biblioteca!<\/a><\/li><li><a class='rsswidget' href='https:\/\/mailchi.mp\/79d02403d785\/g2j4yijqsq-17369470'>Dia Internacional de la Llengua Materna 2026<\/a><\/li><\/ul><\/div><\/div><div class=\"fusion-clearfix\"><\/div><\/div><\/div><\/div><\/div><\/p>\n","protected":false},"excerpt":{"rendered":"","protected":false},"author":1,"featured_media":0,"parent":0,"menu_order":0,"comment_status":"closed","ping_status":"open","template":"","meta":{"_bbp_topic_count":0,"_bbp_reply_count":0,"_bbp_total_topic_count":0,"_bbp_total_reply_count":0,"_bbp_voice_count":0,"_bbp_anonymous_reply_count":0,"_bbp_topic_count_hidden":0,"_bbp_reply_count_hidden":0,"_bbp_forum_subforum_count":0,"ngg_post_thumbnail":0,"footnotes":""},"class_list":["post-2","page","type-page","status-publish","hentry"],"yoast_head":"<!-- This site is optimized with the Yoast SEO plugin v26.4 - https:\/\/yoast.com\/wordpress\/plugins\/seo\/ -->\n<title>Portada Biblioteca Municipal Gandesa - Biblioteca Municipal de Gandesa<\/title>\n<meta name=\"robots\" content=\"index, follow, max-snippet:-1, max-image-preview:large, max-video-preview:-1\" \/>\n<link rel=\"canonical\" href=\"https:\/\/gandesa.cat\/biblioteca\/\" \/>\n<meta property=\"og:locale\" content=\"ca_ES\" \/>\n<meta property=\"og:type\" content=\"article\" \/>\n<meta property=\"og:title\" content=\"Portada Biblioteca Municipal Gandesa - Biblioteca Municipal de Gandesa\" \/>\n<meta property=\"og:url\" content=\"https:\/\/gandesa.cat\/biblioteca\/\" \/>\n<meta property=\"og:site_name\" content=\"Biblioteca Municipal de Gandesa\" \/>\n<meta property=\"article:modified_time\" content=\"2026-04-23T13:34:51+00:00\" \/>\n<meta property=\"og:image\" content=\"https:\/\/gandesa.cat\/biblioteca\/wp-content\/uploads\/sites\/2\/2026\/04\/Butlleti-Novetats-TA-Sant-Jordi.png\" \/>\n\t<meta property=\"og:image:width\" content=\"1080\" \/>\n\t<meta property=\"og:image:height\" content=\"1080\" \/>\n\t<meta property=\"og:image:type\" content=\"image\/png\" \/>\n<meta name=\"twitter:card\" content=\"summary_large_image\" \/>\n<meta name=\"twitter:label1\" content=\"Temps estimat de lectura\" \/>\n\t<meta name=\"twitter:data1\" content=\"3 minuts\" \/>\n<script type=\"application\/ld+json\" class=\"yoast-schema-graph\">{\"@context\":\"https:\/\/schema.org\",\"@graph\":[{\"@type\":\"WebPage\",\"@id\":\"https:\/\/gandesa.cat\/biblioteca\/\",\"url\":\"https:\/\/gandesa.cat\/biblioteca\/\",\"name\":\"Portada Biblioteca Municipal Gandesa - Biblioteca Municipal de Gandesa\",\"isPartOf\":{\"@id\":\"https:\/\/gandesa.cat\/biblioteca\/#website\"},\"primaryImageOfPage\":{\"@id\":\"https:\/\/gandesa.cat\/biblioteca\/#primaryimage\"},\"image\":{\"@id\":\"https:\/\/gandesa.cat\/biblioteca\/#primaryimage\"},\"thumbnailUrl\":\"https:\/\/gandesa.cat\/biblioteca\/wp-content\/uploads\/sites\/2\/2026\/04\/Butlleti-Novetats-TA-Sant-Jordi-300x300.png\",\"datePublished\":\"2016-06-08T17:36:16+00:00\",\"dateModified\":\"2026-04-23T13:34:51+00:00\",\"breadcrumb\":{\"@id\":\"https:\/\/gandesa.cat\/biblioteca\/#breadcrumb\"},\"inLanguage\":\"ca\",\"potentialAction\":[{\"@type\":\"ReadAction\",\"target\":[\"https:\/\/gandesa.cat\/biblioteca\/\"]}]},{\"@type\":\"ImageObject\",\"inLanguage\":\"ca\",\"@id\":\"https:\/\/gandesa.cat\/biblioteca\/#primaryimage\",\"url\":\"https:\/\/gandesa.cat\/biblioteca\/wp-content\/uploads\/sites\/2\/2026\/04\/Butlleti-Novetats-TA-Sant-Jordi.png\",\"contentUrl\":\"https:\/\/gandesa.cat\/biblioteca\/wp-content\/uploads\/sites\/2\/2026\/04\/Butlleti-Novetats-TA-Sant-Jordi.png\",\"width\":1080,\"height\":1080},{\"@type\":\"BreadcrumbList\",\"@id\":\"https:\/\/gandesa.cat\/biblioteca\/#breadcrumb\",\"itemListElement\":[{\"@type\":\"ListItem\",\"position\":1,\"name\":\"Home\",\"item\":\"https:\/\/gandesa.cat\/biblioteca\/\"},{\"@type\":\"ListItem\",\"position\":2,\"name\":\"Portada Biblioteca Municipal Gandesa\"}]},{\"@type\":\"WebSite\",\"@id\":\"https:\/\/gandesa.cat\/biblioteca\/#website\",\"url\":\"https:\/\/gandesa.cat\/biblioteca\/\",\"name\":\"Biblioteca Municipal de Gandesa\",\"description\":\"\",\"potentialAction\":[{\"@type\":\"SearchAction\",\"target\":{\"@type\":\"EntryPoint\",\"urlTemplate\":\"https:\/\/gandesa.cat\/biblioteca\/?s={search_term_string}\"},\"query-input\":{\"@type\":\"PropertyValueSpecification\",\"valueRequired\":true,\"valueName\":\"search_term_string\"}}],\"inLanguage\":\"ca\"}]}<\/script>\n<!-- \/ Yoast SEO plugin. -->","yoast_head_json":{"title":"Portada Biblioteca Municipal Gandesa - Biblioteca Municipal de Gandesa","robots":{"index":"index","follow":"follow","max-snippet":"max-snippet:-1","max-image-preview":"max-image-preview:large","max-video-preview":"max-video-preview:-1"},"canonical":"https:\/\/gandesa.cat\/biblioteca\/","og_locale":"ca_ES","og_type":"article","og_title":"Portada Biblioteca Municipal Gandesa - Biblioteca Municipal de Gandesa","og_url":"https:\/\/gandesa.cat\/biblioteca\/","og_site_name":"Biblioteca Municipal de Gandesa","article_modified_time":"2026-04-23T13:34:51+00:00","og_image":[{"width":1080,"height":1080,"url":"https:\/\/gandesa.cat\/biblioteca\/wp-content\/uploads\/sites\/2\/2026\/04\/Butlleti-Novetats-TA-Sant-Jordi.png","type":"image\/png"}],"twitter_card":"summary_large_image","twitter_misc":{"Temps estimat de lectura":"3 minuts"},"schema":{"@context":"https:\/\/schema.org","@graph":[{"@type":"WebPage","@id":"https:\/\/gandesa.cat\/biblioteca\/","url":"https:\/\/gandesa.cat\/biblioteca\/","name":"Portada Biblioteca Municipal Gandesa - Biblioteca Municipal de Gandesa","isPartOf":{"@id":"https:\/\/gandesa.cat\/biblioteca\/#website"},"primaryImageOfPage":{"@id":"https:\/\/gandesa.cat\/biblioteca\/#primaryimage"},"image":{"@id":"https:\/\/gandesa.cat\/biblioteca\/#primaryimage"},"thumbnailUrl":"https:\/\/gandesa.cat\/biblioteca\/wp-content\/uploads\/sites\/2\/2026\/04\/Butlleti-Novetats-TA-Sant-Jordi-300x300.png","datePublished":"2016-06-08T17:36:16+00:00","dateModified":"2026-04-23T13:34:51+00:00","breadcrumb":{"@id":"https:\/\/gandesa.cat\/biblioteca\/#breadcrumb"},"inLanguage":"ca","potentialAction":[{"@type":"ReadAction","target":["https:\/\/gandesa.cat\/biblioteca\/"]}]},{"@type":"ImageObject","inLanguage":"ca","@id":"https:\/\/gandesa.cat\/biblioteca\/#primaryimage","url":"https:\/\/gandesa.cat\/biblioteca\/wp-content\/uploads\/sites\/2\/2026\/04\/Butlleti-Novetats-TA-Sant-Jordi.png","contentUrl":"https:\/\/gandesa.cat\/biblioteca\/wp-content\/uploads\/sites\/2\/2026\/04\/Butlleti-Novetats-TA-Sant-Jordi.png","width":1080,"height":1080},{"@type":"BreadcrumbList","@id":"https:\/\/gandesa.cat\/biblioteca\/#breadcrumb","itemListElement":[{"@type":"ListItem","position":1,"name":"Home","item":"https:\/\/gandesa.cat\/biblioteca\/"},{"@type":"ListItem","position":2,"name":"Portada Biblioteca Municipal Gandesa"}]},{"@type":"WebSite","@id":"https:\/\/gandesa.cat\/biblioteca\/#website","url":"https:\/\/gandesa.cat\/biblioteca\/","name":"Biblioteca Municipal de Gandesa","description":"","potentialAction":[{"@type":"SearchAction","target":{"@type":"EntryPoint","urlTemplate":"https:\/\/gandesa.cat\/biblioteca\/?s={search_term_string}"},"query-input":{"@type":"PropertyValueSpecification","valueRequired":true,"valueName":"search_term_string"}}],"inLanguage":"ca"}]}},"_links":{"self":[{"href":"https:\/\/gandesa.cat\/biblioteca\/wp-json\/wp\/v2\/pages\/2","targetHints":{"allow":["GET"]}}],"collection":[{"href":"https:\/\/gandesa.cat\/biblioteca\/wp-json\/wp\/v2\/pages"}],"about":[{"href":"https:\/\/gandesa.cat\/biblioteca\/wp-json\/wp\/v2\/types\/page"}],"author":[{"embeddable":true,"href":"https:\/\/gandesa.cat\/biblioteca\/wp-json\/wp\/v2\/users\/1"}],"replies":[{"embeddable":true,"href":"https:\/\/gandesa.cat\/biblioteca\/wp-json\/wp\/v2\/comments?post=2"}],"version-history":[{"count":87,"href":"https:\/\/gandesa.cat\/biblioteca\/wp-json\/wp\/v2\/pages\/2\/revisions"}],"predecessor-version":[{"id":508,"href":"https:\/\/gandesa.cat\/biblioteca\/wp-json\/wp\/v2\/pages\/2\/revisions\/508"}],"wp:attachment":[{"href":"https:\/\/gandesa.cat\/biblioteca\/wp-json\/wp\/v2\/media?parent=2"}],"curies":[{"name":"wp","href":"https:\/\/api.w.org\/{rel}","templated":true}]}}